{"id":18,"date":"2012-12-26T19:42:39","date_gmt":"2012-12-26T19:42:39","guid":{"rendered":"http:\/\/fn.centroesteticafilo.es\/estetica-igualada\/?page_id=18"},"modified":"2020-06-07T01:17:41","modified_gmt":"2020-06-07T01:17:41","slug":"estetica","status":"publish","type":"page","link":"https:\/\/www.estetica-igualada.net\/estetica-igualada\/estetica\/","title":{"rendered":"Est\u00e9tica"},"content":{"rendered":"<h1 style=\"text-align: center; font-size: 18px;\"><span style=\"color: #000000;\">Est\u00e9tica,\u00a0<a style=\"color: #000000;\" href=\"#especificos\">Tratamientos Espec\u00edficos<\/a>\u00a0y\u00a0<a style=\"color: #000000;\" href=\"#fotodepilacion\">Fotodepilaci\u00f3n<\/a><\/span><\/h1>\n<p><span style=\"color: #000000;\"><strong>Est\u00e9tica<\/strong><\/span><\/p>\n<p><strong>Manicura y Pedicura<\/strong><\/p>\n<p><strong>Manicura y Pedicura SPA:\u00a0<\/strong>embellecimiento y cuidado de las manos y los pies.<\/p>\n<p><strong>Esmaltado permanente Shellac:\u00a0<\/strong>es el primero y el original. Es un sistema revolucionario y exclusivo que combina la facilidad de la aplicaci\u00f3n de un esmalte con la durabilidad de un gel, dura 15 d\u00edas con un brillo impecable y se elimina en minutos&#8230; \u00a1\u00a1sin limar!!<\/p>\n<p><strong>Esmaltado Vinylux<\/strong>: el esmalte que desaf\u00eda al tiempo. \u00a1\u00a1Una semana de perfecci\u00f3n absoluta&#8230;sin capa base!!<\/p>\n<p><strong>Tinte y Permanente de Pesta\u00f1as<\/strong><\/p>\n<p><strong>Extensi\u00f3n de Pesta\u00f1as<\/strong><strong>:\u00a0<\/strong>t\u00e9cnica pelo a pelo. \u00a1\u00a1Mirada sutil, seductora y elegante!!<\/p>\n<p><strong>Micropigmentaci\u00f3n<\/strong><strong>:\u00a0<\/strong>t\u00e9cnica de belleza que consiste en un microtatuaje est\u00e9tico que se realiza en cejas, ojos y labios.<img loading=\"lazy\" decoding=\"async\" data-attachment-id=\"432\" data-permalink=\"https:\/\/www.estetica-igualada.net\/estetica-igualada\/estetica\/micropigmentacion\/\" data-orig-file=\"https:\/\/www.estetica-igualada.net\/estetica-igualada\/wp-content\/uploads\/2012\/12\/micropigmentacion.jpg\" data-orig-size=\"1032,584\" data-comments-opened=\"0\" data-image-meta=\"{&quot;aperture&quot;:&quot;0&quot;,&quot;credit&quot;:&quot;&quot;,&quot;camera&quot;:&quot;&quot;,&quot;caption&quot;:&quot;&quot;,&quot;created_timestamp&quot;:&quot;0&quot;,&quot;copyright&quot;:&quot;&quot;,&quot;focal_length&quot;:&quot;0&quot;,&quot;iso&quot;:&quot;0&quot;,&quot;shutter_speed&quot;:&quot;0&quot;,&quot;title&quot;:&quot;&quot;,&quot;orientation&quot;:&quot;0&quot;}\" data-image-title=\"micropigmentacion\" data-image-description=\"\" data-image-caption=\"\" data-medium-file=\"https:\/\/www.estetica-igualada.net\/estetica-igualada\/wp-content\/uploads\/2012\/12\/micropigmentacion-300x170.jpg\" data-large-file=\"https:\/\/www.estetica-igualada.net\/estetica-igualada\/wp-content\/uploads\/2012\/12\/micropigmentacion-1024x579.jpg\" class=\"aligncenter wp-image-432 size-medium\" src=\"https:\/\/www.estetica-igualada.net\/estetica-igualada\/wp-content\/uploads\/2012\/12\/micropigmentacion-300x170.jpg\" alt=\"\" width=\"300\" height=\"170\" srcset=\"https:\/\/www.estetica-igualada.net\/estetica-igualada\/wp-content\/uploads\/2012\/12\/micropigmentacion-300x170.jpg 300w, https:\/\/www.estetica-igualada.net\/estetica-igualada\/wp-content\/uploads\/2012\/12\/micropigmentacion-768x435.jpg 768w, https:\/\/www.estetica-igualada.net\/estetica-igualada\/wp-content\/uploads\/2012\/12\/micropigmentacion-1024x579.jpg 1024w, https:\/\/www.estetica-igualada.net\/estetica-igualada\/wp-content\/uploads\/2012\/12\/micropigmentacion-500x283.jpg 500w, https:\/\/www.estetica-igualada.net\/estetica-igualada\/wp-content\/uploads\/2012\/12\/micropigmentacion.jpg 1032w\" sizes=\"auto, (max-width: 300px) 100vw, 300px\" \/><\/p>\n<p><strong>Depilaci\u00f3n cera fr\u00eda y caliente<\/strong><\/p>\n<h2 style=\"text-align: left; border-bottom: solid; border-bottom-color: #666666; border-bottom-width: 1px;\">Tratamientos Espec\u00edficos<\/h2>\n<table style=\"border: 0px;\">\n<tbody>\n<tr>\n<td style=\"vertical-align: top; border: 0px;\"><strong>Sistema INDIBA: <\/strong>Regenerador celular.\u00a0Sistema \u201cno invasivo\u201d de efectos terap\u00e9uticos y est\u00e9ticos que permite obtener todas las ventajas de la elevaci\u00f3n t\u00e9rmica en profundidad, mayor vascularizaci\u00f3n y mejor riego sangu\u00edneo.<\/p>\n<p><strong>Cromoterapia y Vacumterapia:<\/strong> Es la utilizaci\u00f3n terap\u00e9utica de los colores y los efectos que los mismos producen en el organismo y junto con la Vacumterapia, que se utiliza para realizar drenaje linf\u00e1tico sobre rostro y cuerpo, los resultados son mucho m\u00e1s positivos.<\/p>\n<p><strong>Rejuvenecimiento D\u00e9rmico con FLASHTER DLUXE:<\/strong> Es una modalidad de tratamiento que consiste en la aplicaci\u00f3n de luz, de una determinada longitud de onda, para estimular los procesos biol\u00f3gicos celulares.<\/p>\n<p style=\"text-align: center;\"><span style=\"color: #000000;\"><a style=\"color: #000000;\" href=\"#arriba\">Arriba<\/a><\/span><\/p>\n<\/td>\n<td style=\"vertical-align: top; width: 45%; border: 0px;\"><img loading=\"lazy\" decoding=\"async\" data-attachment-id=\"405\" data-permalink=\"https:\/\/www.estetica-igualada.net\/estetica-igualada\/estetica\/indiba\/\" data-orig-file=\"https:\/\/www.estetica-igualada.net\/estetica-igualada\/wp-content\/uploads\/2012\/12\/indiba.jpeg\" data-orig-size=\"310,262\" data-comments-opened=\"0\" data-image-meta=\"{&quot;aperture&quot;:&quot;0&quot;,&quot;credit&quot;:&quot;&quot;,&quot;camera&quot;:&quot;&quot;,&quot;caption&quot;:&quot;&quot;,&quot;created_timestamp&quot;:&quot;0&quot;,&quot;copyright&quot;:&quot;&quot;,&quot;focal_length&quot;:&quot;0&quot;,&quot;iso&quot;:&quot;0&quot;,&quot;shutter_speed&quot;:&quot;0&quot;,&quot;title&quot;:&quot;&quot;,&quot;orientation&quot;:&quot;0&quot;}\" data-image-title=\"indiba\" data-image-description=\"\" data-image-caption=\"\" data-medium-file=\"https:\/\/www.estetica-igualada.net\/estetica-igualada\/wp-content\/uploads\/2012\/12\/indiba-300x254.jpeg\" data-large-file=\"https:\/\/www.estetica-igualada.net\/estetica-igualada\/wp-content\/uploads\/2012\/12\/indiba.jpeg\" class=\"aligncenter wp-image-405 size-medium\" style=\"border: 0;\" src=\"https:\/\/www.estetica-igualada.net\/estetica-igualada\/wp-content\/uploads\/2012\/12\/indiba-300x254.jpeg\" alt=\"\" width=\"300\" height=\"254\" srcset=\"https:\/\/www.estetica-igualada.net\/estetica-igualada\/wp-content\/uploads\/2012\/12\/indiba-300x254.jpeg 300w, https:\/\/www.estetica-igualada.net\/estetica-igualada\/wp-content\/uploads\/2012\/12\/indiba.jpeg 310w\" sizes=\"auto, (max-width: 300px) 100vw, 300px\" \/><\/td>\n<\/tr>\n<\/tbody>\n<\/table>\n<p><!--Fotodepilaci\u00f3n--><br \/>\n<a id=\"fotodepilacion\" name=\"fotodepilacion\"><\/a><\/p>\n<h2 style=\"text-align: left; border-bottom: solid; border-bottom-color: #666666; border-bottom-width: 1px;\">Fotodepilaci\u00f3n<\/h2>\n<table style=\"border: 0px;\">\n<tbody>\n<tr>\n<td style=\"vertical-align: top; border: 0px;\"><b>FLASHTER DLUXE:\u00a0<\/b>Es un equipo para fototer\u00e1pia. Funcionan combinando la tecnolog\u00eda IPL con la radiofrecuencia, la cual permite actuar de forma m\u00e1s intensa y localizada en los niveles m\u00e1s profundos de la piel. Esta tecnolog\u00eda supera las antiguas t\u00e9cnicas dolorosas empleadas en depilaci\u00f3n. Puede emplearse en el tratamiento de zonas amplias como la espalda, muslos, brazos, piernas y cara, y lo mejor de todo es que se trata de un m\u00e9todo seguro, r\u00e1pido, suave y efectivo para la depilaci\u00f3n progresiva.<\/p>\n<p style=\"text-align: center;\"><span style=\"color: #000000;\"><a style=\"color: #000000;\" href=\"#arriba\">Arriba<\/a><\/span><\/p>\n<\/td>\n<td style=\"vertical-align: top; width: 45%; border: 0px;\"><img loading=\"lazy\" decoding=\"async\" data-attachment-id=\"404\" data-permalink=\"https:\/\/www.estetica-igualada.net\/estetica-igualada\/estetica\/cuerpo-fotodepilacion\/\" data-orig-file=\"https:\/\/www.estetica-igualada.net\/estetica-igualada\/wp-content\/uploads\/2012\/12\/cuerpo-fotodepilacion.jpg\" data-orig-size=\"1386,982\" data-comments-opened=\"0\" data-image-meta=\"{&quot;aperture&quot;:&quot;0&quot;,&quot;credit&quot;:&quot;NovoCorpo&quot;,&quot;camera&quot;:&quot;&quot;,&quot;caption&quot;:&quot;&quot;,&quot;created_timestamp&quot;:&quot;1383204869&quot;,&quot;copyright&quot;:&quot;&quot;,&quot;focal_length&quot;:&quot;0&quot;,&quot;iso&quot;:&quot;0&quot;,&quot;shutter_speed&quot;:&quot;0&quot;,&quot;title&quot;:&quot;&quot;,&quot;orientation&quot;:&quot;0&quot;}\" data-image-title=\"cuerpo fotodepilacion\" data-image-description=\"\" data-image-caption=\"\" data-medium-file=\"https:\/\/www.estetica-igualada.net\/estetica-igualada\/wp-content\/uploads\/2012\/12\/cuerpo-fotodepilacion-300x213.jpg\" data-large-file=\"https:\/\/www.estetica-igualada.net\/estetica-igualada\/wp-content\/uploads\/2012\/12\/cuerpo-fotodepilacion-1024x726.jpg\" class=\"aligncenter wp-image-404 size-medium\" style=\"border: 0;\" src=\"https:\/\/www.estetica-igualada.net\/estetica-igualada\/wp-content\/uploads\/2012\/12\/cuerpo-fotodepilacion-300x213.jpg\" alt=\"\" width=\"300\" height=\"213\" srcset=\"https:\/\/www.estetica-igualada.net\/estetica-igualada\/wp-content\/uploads\/2012\/12\/cuerpo-fotodepilacion-300x213.jpg 300w, https:\/\/www.estetica-igualada.net\/estetica-igualada\/wp-content\/uploads\/2012\/12\/cuerpo-fotodepilacion-768x544.jpg 768w, https:\/\/www.estetica-igualada.net\/estetica-igualada\/wp-content\/uploads\/2012\/12\/cuerpo-fotodepilacion-1024x726.jpg 1024w, https:\/\/www.estetica-igualada.net\/estetica-igualada\/wp-content\/uploads\/2012\/12\/cuerpo-fotodepilacion-423x300.jpg 423w, https:\/\/www.estetica-igualada.net\/estetica-igualada\/wp-content\/uploads\/2012\/12\/cuerpo-fotodepilacion-900x638.jpg 900w, https:\/\/www.estetica-igualada.net\/estetica-igualada\/wp-content\/uploads\/2012\/12\/cuerpo-fotodepilacion.jpg 1386w\" sizes=\"auto, (max-width: 300px) 100vw, 300px\" \/><\/td>\n<\/tr>\n<\/tbody>\n<\/table>\n","protected":false},"excerpt":{"rendered":"<p>Est\u00e9tica,\u00a0Tratamientos Espec\u00edficos\u00a0y\u00a0Fotodepilaci\u00f3n Est\u00e9tica Manicura y Pedicura Manicura y Pedicura SPA:\u00a0embellecimiento y cuidado de las manos y los pies. Esmaltado permanente Shellac:\u00a0es el primero y el original. Es un sistema revolucionario y exclusivo que combina la facilidad de la aplicaci\u00f3n de &hellip; <a href=\"https:\/\/www.estetica-igualada.net\/estetica-igualada\/estetica\/\">Sigue leyendo <span class=\"meta-nav\">&rarr;<\/span><\/a><\/p>\n","protected":false},"author":1,"featured_media":0,"parent":0,"menu_order":1,"comment_status":"closed","ping_status":"closed","template":"","meta":{"jetpack_post_was_ever_published":false,"footnotes":""},"class_list":["post-18","page","type-page","status-publish","hentry"],"jetpack_sharing_enabled":true,"jetpack_shortlink":"https:\/\/wp.me\/P30xPF-i","_links":{"self":[{"href":"https:\/\/www.estetica-igualada.net\/estetica-igualada\/wp-json\/wp\/v2\/pages\/18","targetHints":{"allow":["GET"]}}],"collection":[{"href":"https:\/\/www.estetica-igualada.net\/estetica-igualada\/wp-json\/wp\/v2\/pages"}],"about":[{"href":"https:\/\/www.estetica-igualada.net\/estetica-igualada\/wp-json\/wp\/v2\/types\/page"}],"author":[{"embeddable":true,"href":"https:\/\/www.estetica-igualada.net\/estetica-igualada\/wp-json\/wp\/v2\/users\/1"}],"replies":[{"embeddable":true,"href":"https:\/\/www.estetica-igualada.net\/estetica-igualada\/wp-json\/wp\/v2\/comments?post=18"}],"version-history":[{"count":50,"href":"https:\/\/www.estetica-igualada.net\/estetica-igualada\/wp-json\/wp\/v2\/pages\/18\/revisions"}],"predecessor-version":[{"id":559,"href":"https:\/\/www.estetica-igualada.net\/estetica-igualada\/wp-json\/wp\/v2\/pages\/18\/revisions\/559"}],"wp:attachment":[{"href":"https:\/\/www.estetica-igualada.net\/estetica-igualada\/wp-json\/wp\/v2\/media?parent=18"}],"curies":[{"name":"wp","href":"https:\/\/api.w.org\/{rel}","templated":true}]}}